{"id":221,"date":"2023-07-13T09:05:03","date_gmt":"2023-07-13T07:05:03","guid":{"rendered":"https:\/\/olms.nomos.de\/?page_id=221"},"modified":"2026-03-02T16:53:06","modified_gmt":"2026-03-02T15:53:06","slug":"linguistics","status":"publish","type":"page","link":"https:\/\/www.olms.de\/en\/linguistics\/","title":{"rendered":"Linguistics and Literary Studies"},"content":{"rendered":"\n<section class=\"content-stage big-stage bottom-type-1 image-type-1 \">\n    <div class=\"text-item\">\n        \n                    <h3 class=\"headline-2 \"\n                data-text=\"Linguistics and Literary Studies \">\n                                    Linguistics and Literary Studies \n                            <\/h3>\n        \n                    <div class=\"wysiwyg\">\n                <p>Research is a strong area of focus in each of the academic disciplines in our Linguistics and Literary Studies programme. The most influential of our research publications is the journal, Germanistische Linguistik (German Linguistics, only available in German), a co-publication with the Research Center Deutscher Sprachatlas. First published in 1969, the journal has successively expanded over the years. It now includes prominent series such as <em>Deutsche Dialektgeographie<\/em> (German Dialect Geography), <em>Kleine und Regionale Sprachen (<\/em>Minor and Regional Languages) and <em>Thema Deutsch<\/em> (Topics in German).<\/p>\n\n            <\/div>\n        \n        \n            <\/div>\n\n            <div class=\"image-item\">\n            \n            <div class=\"js-scroll-animations scroll-animations__image-wrapper \" data-scroll-animation-type=\"zoomImage\">\n                                    <picture class=\"content-block__image\">\n                                    \n                                                                                        \n                                                                    \n                                    <source\n                            type=\"image\/webp\"\n                            srcset=\"                                                                                                                                https:\/\/www.olms.de\/wp-content\/uploads\/sites\/7\/2023\/06\/alphabet-4244798_1280-1056x0-c-default.webp 1056w\n                                                                                                                \"\n                            sizes=\"1056px\"\n                    >\n                                            \n                                                                                        \n                                                                    \n                                    <img decoding=\"async\"\n                                                    loading=\"lazy\"\n                                                decode=\"async\"\n                        src=\"https:\/\/www.olms.de\/wp-content\/uploads\/sites\/7\/2023\/06\/alphabet-4244798_1280-50x0-c-default.webp\"\n                        srcset=\"                                                                                                                                https:\/\/www.olms.de\/wp-content\/uploads\/sites\/7\/2023\/06\/alphabet-4244798_1280-1056x0-c-default.jpg 1056w\n                                                                                                                \"\n                        sizes=\"auto, 1056px\"\n                        alt=\"Fachbereich Sprach- und Literaturwissenschaft\"\n                        \n                        width=\"1056\"\n                        height=\"\"\n                    >\n                                        <\/picture>\n\n            <\/div>\n\n            <div class=\"tablet-image\">\n                    <picture >\n                                    \n                                                                                        \n                                                                    \n                                    <source\n                            type=\"image\/webp\"\n                            srcset=\"                                                                                                                                https:\/\/www.olms.de\/wp-content\/uploads\/sites\/7\/2023\/06\/alphabet-4244798_1280-412x0-c-default.webp 412w\n                                                                            ,                                                                                                                                https:\/\/www.olms.de\/wp-content\/uploads\/sites\/7\/2023\/06\/alphabet-4244798_1280-528x0-c-default.webp 528w\n                                                                            ,                                                                                                                                https:\/\/www.olms.de\/wp-content\/uploads\/sites\/7\/2023\/06\/alphabet-4244798_1280-980x0-c-default.webp 980w\n                                                                                                                \"\n                            sizes=\"(-webkit-min-device-pixel-ratio: 2) 50vw,\n                            (min-resolution: 192dpi) 50vw,\n                            (min-resolution: 2dppx) 50vw,\n                            (-webkit-min-device-pixel-ratio: 3) 33.33vw,\n                            (min-resolution: 288dpi) 33.33vw,\n                            (min-resolution: 3dppx) 33.33vw\"\n                    >\n                                            \n                                                                                        \n                                                                    \n                                    <img decoding=\"async\"\n                                                    loading=\"lazy\"\n                                                decode=\"async\"\n                        src=\"https:\/\/www.olms.de\/wp-content\/uploads\/sites\/7\/2023\/06\/alphabet-4244798_1280-50x0-c-default.webp\"\n                        srcset=\"                                                                                                                                https:\/\/www.olms.de\/wp-content\/uploads\/sites\/7\/2023\/06\/alphabet-4244798_1280-412x0-c-default.jpg 412w\n                                                                            ,                                                                                                                                https:\/\/www.olms.de\/wp-content\/uploads\/sites\/7\/2023\/06\/alphabet-4244798_1280-528x0-c-default.jpg 528w\n                                                                            ,                                                                                                                                https:\/\/www.olms.de\/wp-content\/uploads\/sites\/7\/2023\/06\/alphabet-4244798_1280-980x0-c-default.jpg 980w\n                                                                                                                \"\n                        sizes=\"auto, (-webkit-min-device-pixel-ratio: 2) 50vw,\n                            (min-resolution: 192dpi) 50vw,\n                            (min-resolution: 2dppx) 50vw,\n                            (-webkit-min-device-pixel-ratio: 3) 33.33vw,\n                            (min-resolution: 288dpi) 33.33vw,\n                            (min-resolution: 3dppx) 33.33vw\"\n                        alt=\"Fachbereich Sprach- und Literaturwissenschaft\"\n                        \n                        width=\"412\"\n                        height=\"\"\n                    >\n                                        <\/picture>\n\n            <\/div>\n\n                    <\/div>\n    <\/section>\n\n\n    \n    \n<section class=\"content-text-big-image left-image switch-default\">\n    <div class=\"text-item\">\n                    <h2>Scholarly Works and Projects <\/h2>\n        \n                    <p>Of particular significance is the discipline German Studies, which hosts the research project on Jeremias Gotthelf, a prominent Swiss novelist from the 19<sup>th<\/sup> century. The project, a compilation of his letters and writings as a historical-critical edition, counts as one of the most important in contemporary scholarly research. It is slated for completion in 2040 and shall comprise a grand total of 70 volumes.<\/p>\n\n        \n            <\/div>\n\n            <div class=\"image-item \">\n            \n                <picture class=\"fit-image\">\n                                    \n                                                                                        \n                                                                    \n                                    <source\n                            type=\"image\/webp\"\n                            srcset=\"                                                                                                                                https:\/\/www.olms.de\/wp-content\/uploads\/sites\/7\/2023\/06\/Altes-Buch-1504x0-c-default.webp 1504w\n                                                                            ,                                                                                                                                https:\/\/www.olms.de\/wp-content\/uploads\/sites\/7\/2023\/06\/Altes-Buch-924x0-c-default.webp 924w\n                                                                                                                \"\n                            sizes=\"(min-width: 1042px) 1504px, 100vw\"\n                    >\n                                            \n                                                                                        \n                                                                    \n                                    <img decoding=\"async\"\n                                                    loading=\"eager\"\n                                                decode=\"async\"\n                        src=\"https:\/\/www.olms.de\/wp-content\/uploads\/sites\/7\/2023\/06\/Altes-Buch-50x0-c-default.jpg\"\n                        srcset=\"                                                                                                                                https:\/\/www.olms.de\/wp-content\/uploads\/sites\/7\/2023\/06\/Altes-Buch-1504x0-c-default.jpg 1504w\n                                                                            ,                                                                                                                                https:\/\/www.olms.de\/wp-content\/uploads\/sites\/7\/2023\/06\/Altes-Buch-924x0-c-default.jpg 924w\n                                                                                                                \"\n                        sizes=\"(min-width: 1042px) 1504px, 100vw\"\n                        alt=\"Editionen im Georg Olms Verlag\"\n                        \n                        width=\"1504\"\n                        height=\"\"\n                    >\n                                        <\/picture>\n\n\n                            <div class=\"background-square-image\"><\/div>\n                    <\/div>\n    <\/section>\n\n\n<section class=\"content-info-tab\">\n    <div class=\"inner js-section-tab-list\">\n        <div class=\"section-tab-list\">\n                            <div data-tab=\"editorial-collections\" class=\"section-tab js-section-tab active\">\n                    Editorial Collections \n                <\/div>\n                            <div data-tab=\"journals\" class=\"section-tab js-section-tab\">\n                    Journals  \n                <\/div>\n                    <\/div>\n\n        <div class=\"section-tab-select\">\n            <div class=\"custom-select-element js-section-tab-list-select\">\n                <select>\n                                            <option value=\"editorial-collections\">Editorial Collections <\/option>\n                                            <option value=\"journals\">Journals  <\/option>\n                                    <\/select>\n            <\/div>\n        <\/div>\n\n                    <div class=\"tab-content js-section-tab-content editorial-collections  active  \">\n                <div class=\"section-header\">\n                    <h3>\n                        Editorial Collections \n                    <\/h3>\n\n                    <p>\n                        <h3>The Complete Scholarly Edition of Jeremias Gotthelf&#8217;s Works and Correspondence Letters and Writings (historical-critical edition)<\/h3>\n<p>One of the largest and most significant research projects of late is the compilation of the works and letters of 19<sup>th<\/sup>-century novelist, Jeremias Gotthelf. The project aims to fill a research gap by publishing a historical-critical edition of Gotthelf\u2019s complete works and is being run by Prof. Dr. <span data-teams=\"true\">Patricia Zihlmann <\/span>and Prof. Dr. Christian von Zimmermann from the Jeremias Gotthelf Research Center at the University of Bern. The collection shall be split into seven sections and comprise seventy volumes. It is slated for completion in 2040.<\/p>\n<p><a href=\"https:\/\/www.nomos-shop.de\/de\/series\/series\/view\/id\/B001513600\/\" target=\"_blank\" rel=\"noopener\">Find out more<\/a><\/p>\n\n                    <\/p>\n                <\/div>\n\n                <div class=\"section-columns\">\n                                    <\/div>\n            <\/div>\n                    <div class=\"tab-content js-section-tab-content journals  \">\n                <div class=\"section-header\">\n                    <h3>\n                        Journals  \n                    <\/h3>\n\n                    <p>\n                        <h3>German Linguistics (GL)<\/h3>\n<p>A co-publication with the Research Center Deutscher Sprachatlas since 1969, the triannual GL has become an authoritative voice in the field of Linguistics, opening up doorways to pivotal questions and inspiring critical thinking. Each issue deals with a different topic and is helmed by a changing editorial board. Articles are peer-reviewed and published in both German and English.<\/p>\n<p><a href=\"https:\/\/www.nomos.de\/zeitschriften\/gl\/\">Find out more<\/a><\/p>\n\n                    <\/p>\n                <\/div>\n\n                <div class=\"section-columns\">\n                                    <\/div>\n            <\/div>\n            <\/div>\n<\/section>\n\n\n    \n    \n<section class=\"content-text-big-image left-image switch-active\">\n    <div class=\"text-item\">\n                    <h2>Book Series <\/h2>\n        \n                    <p>We are proud to be home to other such prominent series as Germanistische Texte und Studien (German Texts and Studies), with over a hundred monographs, anthologies and collections on German literary history; Literatur \u2013 Wissen \u2013 Poetik (Literature \u2013 Knowledge \u2013 Poetry), a comparative literature series; and the Kamenzer Lessing-Studien (Kamenz Lessing Studies). Aside from German Studies, our programme also includes the disciplines Romance and Hispanic Studies and Slavic Studies.<\/p>\n\n        \n            <\/div>\n\n            <div class=\"image-item \">\n            \n                <picture class=\"fit-image\">\n                                    \n                                                                                        \n                                                                    \n                                    <source\n                            type=\"image\/webp\"\n                            srcset=\"                                                                                                                                https:\/\/www.olms.de\/wp-content\/uploads\/sites\/7\/2023\/06\/Prominente-Verlagsreihen-1504x0-c-default.webp 1504w\n                                                                            ,                                                                                                                                https:\/\/www.olms.de\/wp-content\/uploads\/sites\/7\/2023\/06\/Prominente-Verlagsreihen-924x0-c-default.webp 924w\n                                                                                                                \"\n                            sizes=\"(min-width: 1042px) 1504px, 100vw\"\n                    >\n                                            \n                                                                                        \n                                                                    \n                                    <img decoding=\"async\"\n                                                    loading=\"eager\"\n                                                decode=\"async\"\n                        src=\"https:\/\/www.olms.de\/wp-content\/uploads\/sites\/7\/2023\/06\/Prominente-Verlagsreihen-50x0-c-default.jpg\"\n                        srcset=\"                                                                                                                                https:\/\/www.olms.de\/wp-content\/uploads\/sites\/7\/2023\/06\/Prominente-Verlagsreihen-1504x0-c-default.jpg 1504w\n                                                                            ,                                                                                                                                https:\/\/www.olms.de\/wp-content\/uploads\/sites\/7\/2023\/06\/Prominente-Verlagsreihen-924x0-c-default.jpg 924w\n                                                                                                                \"\n                        sizes=\"(min-width: 1042px) 1504px, 100vw\"\n                        alt=\"Weitere prominente Verlagsreihen erg\u00e4nzen unser Portfolio\"\n                        \n                        width=\"1504\"\n                        height=\"\"\n                    >\n                                        <\/picture>\n\n\n                            <div class=\"background-square-image\"><\/div>\n                    <\/div>\n    <\/section>\n\n\n<section class=\"content-plain-text no-margin no-margin content-plain-text--fullwidth\">\n    <div class=\"inner\">\n        <h3>Book Series<\/h3>\n\n    <\/div>\n<\/section>\n\n\n<section class=\"content-faq\">\n    <div class=\"content-faq-item-list\">\n                    <article>\n                <div class=\"content-faq-item\">\n                    <h2 class=\"headline-5 js-accordion-headline\">\n                        Deutsche Dialektgeographie (DDG) \n                    <\/h2>\n\n                    <div class=\"text wysiwyg\">\n                        <p>Die Buchreihe <em>Deutsche Dialektgeographie (DDG)<\/em> wurde 1908 durch den Marburger Dialektologen Ferdinand Wrede begr\u00fcndet. Insofern ist die DDG eine der traditionsreichsten Buchreihen des Fachs. Sie kann jedoch nicht nur auf eine lange Tradition zur\u00fcckblicken, sondern ist heute ein aktives Forum der aktuellen Regionalsprachenforschung. Die DDG versteht sich als anspruchsvolles Publikationsmedium f\u00fcr hochrangige wissenschaftliche Arbeiten aus dem gesamten Feld der Regionalsprachenforschung. Seit Band 111 erscheint die DDG unter der verlegerischen Betreuung des Georg Olms Verlags.<\/p>\n<p><a href=\"https:\/\/www.nomos-shop.de\/en\/series\/series\/view\/id\/B001501900\" target=\"_blank\" rel=\"noopener\">Learn more<\/a><\/p>\n\n                    <\/div>\n                <\/div>\n            <\/article>\n                    <article>\n                <div class=\"content-faq-item\">\n                    <h2 class=\"headline-5 js-accordion-headline\">\n                        Deutsche Namensforschung auf sprachgeschichtlicher Grundlage\n                    <\/h2>\n\n                    <div class=\"text wysiwyg\">\n                        <p>Die Buchreihe wird gef\u00f6rdert von der \u201eHenning-Kaufmann-Stiftung zur F\u00f6rderung der deutschen Namenforschung auf sprachgeschichtlicher Grundlage\u201c, die neben dem \u201eDeutschen Sprachpreis\u201c f\u00fcr besondere Verdienste im Bereich der deutschen Sprache auch Preise an Wissenschaftler\/-innen vergibt, die sich auf dem Gebiet der Namenforschung besonders hervorgetan haben. Die einzelnen themengebundenen B\u00e4nde dokumentieren die Ertr\u00e4ge von mehreren aufeinanderfolgenden Preisverleihungen und enthalten grundlegende Forschungsbeitr\u00e4ge zu zentralen Themen dieses Forschungsgebiets.<\/p>\n<p><a href=\"https:\/\/www.nomos-shop.de\/en\/series\/series\/view\/id\/B001502000\" target=\"_blank\" rel=\"noopener\">Learn more<\/a><\/p>\n\n                    <\/div>\n                <\/div>\n            <\/article>\n                    <article>\n                <div class=\"content-faq-item\">\n                    <h2 class=\"headline-5 js-accordion-headline\">\n                        Echo\n                    <\/h2>\n\n                    <div class=\"text wysiwyg\">\n                        <p>In der Reihe <em>Echo<\/em> erscheinen Studien, die literaturwissenschaftlich ausgerichtet, aber auf den Dialog mit anderen Disziplinen hin angelegt sind. Schon der Entstehungsprozess und die Rezeptionsgeschichte literarischer Werke beweisen, dass f\u00fcr diese keine politischen und sprachlichen Grenzen existieren. Die Konzeption der Reihe ist durch Offenheit gepr\u00e4gt; sie verschreibt sich nicht bestimmten Schulen oder Methoden und folgt einem Konzept von Literatur als \u201eoffenem Kunstwerk\u201c.<\/p>\n<p><a href=\"https:\/\/www.nomos-shop.de\/en\/series\/series\/view\/id\/B001503400\" target=\"_blank\" rel=\"noopener\">Learn more<\/a><\/p>\n\n                    <\/div>\n                <\/div>\n            <\/article>\n                    <article>\n                <div class=\"content-faq-item\">\n                    <h2 class=\"headline-5 js-accordion-headline\">\n                        Forschungen zur neulateinischen Literatur und Sprache\n                    <\/h2>\n\n                    <div class=\"text wysiwyg\">\n                        <p><em>Edited by Thorsten Burkard<\/em><\/p>\n<p>The series <em>Forschungen zur neulateinischen Literatur und Sprache (FonLuS)<\/em> (Research on Neo-Latin Literature and Language) contributes to the cataloguing of the works of all Neo-Latin literature from Petrarch to the present day. It emphasises the independence of the texts, which are not simply continuations or even appendages of antiquity. The series focuses on translations, interpretative commentaries, monographs, overviews and thematic anthologies. In the <em>Forschungen zur neulateinischen Literatur und Sprache<\/em> series, these publications are supervised to a high standard so that new academic findings in the field of Neo-Latin philology can be published as quickly as possible.<\/p>\n<p><a href=\"https:\/\/www.nomos-shop.de\/en\/series\/series\/view\/id\/B001531000\/\">Learn more<\/a><\/p>\n\n                    <\/div>\n                <\/div>\n            <\/article>\n                    <article>\n                <div class=\"content-faq-item\">\n                    <h2 class=\"headline-5 js-accordion-headline\">\n                        Friedrich de la Motte Fouqu\u00e9 \u2013 Werke\n                    <\/h2>\n\n                    <div class=\"text wysiwyg\">\n                        <p>Friedrich de la Motte Fouqu\u00e9 (1777-1843) geh\u00f6rte zu den gefeiertsten Dichtern der deutschen Romantik, der mit dieser gro\u00dfen, inzwischen abgeschlossenen Reprint-Werkausgabe die \u00fcberf\u00e4llige wissenschaftliche Wertsch\u00e4tzung erf\u00e4hrt. In Abteilung I werden \u201eS\u00e4mtliche Romane und Novellenb\u00fccher\u201c neu ediert und teilweise umfangreich kommentiert, w\u00e4hrend der Schwerpunkt in Abteilung II auf \u201eAusgew\u00e4hlten Dramen und Epen\u201c liegt, darunter viele im Original schwer zug\u00e4ngliche Texte, die durch die Klarheit und Eleganz der Sprache bestechen.<\/p>\n\n                    <\/div>\n                <\/div>\n            <\/article>\n                    <article>\n                <div class=\"content-faq-item\">\n                    <h2 class=\"headline-5 js-accordion-headline\">\n                        Germanistische Linguistik \u2013 Monographien\n                    <\/h2>\n\n                    <div class=\"text wysiwyg\">\n                        <p>Die inzwischen eingestellte Schriftenreihe <em>Germanistische Linguistik \u2013 Monographien (GLM)<\/em> wurde konzipiert als erg\u00e4nzender Publikationsort zur weiterhin aktiven und bedeutenden Zeitschrift <em>Germanistische Linguistik<\/em>. W\u00e4hrend in der Zeitschrift bis heute vor allem Sammelb\u00e4nde zu Grundsatzfragen der Sprachwissenschaft aus verschiedenen Blickwinkeln ver\u00f6ffentlicht werden, fokussierte die GLM in Einzelstudien und Qualifikationsarbeiten zentrale Themen des Fachs von der Idiomatik \u00fcber die Valenzanalyse bis hin zum Sprachgebrauch oder die Analyse von Beh\u00f6rden- und Pressetexten.<\/p>\n<p><a href=\"https:\/\/www.nomos-shop.de\/en\/series\/series\/view\/id\/B001504100\" target=\"_blank\" rel=\"noopener\">Learn more<\/a><\/p>\n\n                    <\/div>\n                <\/div>\n            <\/article>\n                    <article>\n                <div class=\"content-faq-item\">\n                    <h2 class=\"headline-5 js-accordion-headline\">\n                        Germanistische Texte und Studien \n                    <\/h2>\n\n                    <div class=\"text wysiwyg\">\n                        <p>In der Verlagsreihe \u201eGermanistische Texte und Studien\u201c sind seit 1975 \u00fcber einhundert ma\u00dfgebliche Monographien, Sammelb\u00e4nde und Editionen zur deutschen Literaturgeschichte von der Fr\u00fchen Neuzeit bis in die unmittelbare Gegenwart erschienen, darunter Ver\u00f6ffentlichungen \u00fcber Goethe, Schiller, H\u00f6lderlin, Heine, Musil, Kafka, Celan, Grass oder Jelinek. Zu den Autoren der Reihe z\u00e4hlen in j\u00fcngerer Vergangenheit namhafte Fachvertreter wie Wolfgang Mieder, Lothar Pikulik, Bernhard B\u00f6schenstein oder Dirk Niefanger.<\/p>\n<p><a href=\"https:\/\/www.nomos-shop.de\/en\/series\/series\/view\/id\/B001504200\" target=\"_blank\" rel=\"noopener\">Learn more<\/a><\/p>\n\n                    <\/div>\n                <\/div>\n            <\/article>\n                    <article>\n                <div class=\"content-faq-item\">\n                    <h2 class=\"headline-5 js-accordion-headline\">\n                        Kamenzer Lessing-Studien \n                    <\/h2>\n\n                    <div class=\"text wysiwyg\">\n                        <p>Das Lessing-Museum in Kamenz, dem Geburtsort des Schriftstellers, ist das einzige dem gro\u00dfen deutschen Schriftsteller gewidmete Museum weltweit. Die in Zusammenarbeit mit dem Museum entwickelte Schriftenreihe versammelt Tagungsb\u00e4nde zu aktuellen Themen der Lessing-Rezeption, nimmt aber auch sein Umfeld und die Epoche der Aufkl\u00e4rung allgemein in den Blick.<\/p>\n<p><a href=\"https:\/\/www.nomos-shop.de\/en\/series\/series\/view\/id\/B001505700\" target=\"_blank\" rel=\"noopener\">Learn more<\/a><\/p>\n\n                    <\/div>\n                <\/div>\n            <\/article>\n                    <article>\n                <div class=\"content-faq-item\">\n                    <h2 class=\"headline-5 js-accordion-headline\">\n                        Kleine und Regionale Sprachen (KURS) \n                    <\/h2>\n\n                    <div class=\"text wysiwyg\">\n                        <p>Kleine und regionale Sprachen sind historisch durch ihre wechselnden Einflussbereiche und durch ihre spezifische Existenz neben standardisierten Sprachformen gepr\u00e4gt. Die \u201eKURS\u201c-Reihe des \u201eZentrums f\u00fcr kleine und regionale Sprachen\u201c an der Europa-Universit\u00e4t Flensburg steht Monographien und Sammelb\u00e4nden offen, die sich dem genannten Themenfeld aus gegenw\u00e4rtiger oder historischer Perspektive widmen und linguistische, literatur- und kulturwissenschaftliche sowie medienwissenschaftliche Zug\u00e4nge zu den jeweils untersuchten Sprachformen w\u00e4hlen.<\/p>\n<p><a href=\"https:\/\/www.nomos-shop.de\/en\/series\/series\/view\/id\/B001505800\" target=\"_blank\" rel=\"noopener\">Learn more<\/a><\/p>\n\n                    <\/div>\n                <\/div>\n            <\/article>\n                    <article>\n                <div class=\"content-faq-item\">\n                    <h2 class=\"headline-5 js-accordion-headline\">\n                        Literatur \u2013 Poetik \u2013 \u00c4sthetik\n                    <\/h2>\n\n                    <div class=\"text wysiwyg\">\n                        <p>In der Reihe erscheinen germanistische literaturwissenschaftliche Monographien (Dissertations- und Habilitationsschriften), die sich poetologischen und philologischen Problemstellungen in einer kulturhistorischen Perspektive (f\u00fcr den Zeitraum vom 18. bis zum 21. Jahrhundert) widmen. Etabliert werden soll mit dieser Reihe ein Erscheinungsort f\u00fcr die genuin literaturwissenschaftliche Arbeit mit und an literarischen Texten im Horizont ihrer kulturellen Kontexte. Im Zentrum der Reihentitel stehen daher Untersuchungen, die kulturwissenschaftliche \u00dcberlegungen mit der Frage nach \u00e4sthetischen Strategien und literarischen Verfahren verbinden.<\/p>\n<p><b><strong>Editors:<br \/>\n<\/strong><\/b>Prof. Dr Antonia Eder (KIT)<br \/>\nProf. Dr Corinna Schlicht (UDE)<\/p>\n<p><em>The first volume of this series is expected to be published in summer 2026.<\/em><\/p>\n\n                    <\/div>\n                <\/div>\n            <\/article>\n                    <article>\n                <div class=\"content-faq-item\">\n                    <h2 class=\"headline-5 js-accordion-headline\">\n                        Literatur \u2013 Wissen \u2013 Poetik\n                    <\/h2>\n\n                    <div class=\"text wysiwyg\">\n                        <p>Diese genuin komparatistisch und interdisziplin\u00e4r ausgerichtete Schriftenreihe widmet den \u00e4sthetischen Dimensionen wissenschaftlicher Darstellungsverfahren in Literatur und Kunst ihre besondere Aufmerksamkeit. Eine zentrale Rolle spielt dabei die Form des Buchs als vielf\u00e4ltig gestaltbares Tr\u00e4germedium von Wissen. Insgesamt er\u00f6ffnet das Themenfeld Literatur, Wissen und Poetik dabei neue Perspektiven auf die Beziehungen der K\u00fcnste untereinander.<\/p>\n<p><a href=\"https:\/\/www.nomos-shop.de\/en\/series\/series\/view\/id\/B001506100\" target=\"_blank\" rel=\"noopener\">Learn more<\/a><\/p>\n\n                    <\/div>\n                <\/div>\n            <\/article>\n                    <article>\n                <div class=\"content-faq-item\">\n                    <h2 class=\"headline-5 js-accordion-headline\">\n                        Mittelniederdeutsches Handw\u00f6rterbuch\n                    <\/h2>\n\n                    <div class=\"text wysiwyg\">\n                        <p>Das <em>Mittelniederdeutsche Handw\u00f6rterbuch<\/em> ist als das zentrale Grundlagenwerk des Mittelniederdeutschen anzusehen. Es dokumentiert den niederdeutschen Wortschatz vom 13. bis ins 17. Jahrhundert im gesamten Hanseraum und kann als Auskunftsquelle von sprachgeschichtlich wie kulturhistorisch Interessierten genutzt werden. Das W\u00f6rterbuch stellt ein wichtiges Forschungsinstrument f\u00fcr verschiedene Wissenschaftsbereiche dar: Linguistik und Literaturwissenschaft, Geschichtswissenschaft und insbesondere Hanseforschung, Kulturgeschichte, Rechtsgeschichte, historische Soziologie und Volkskunde.<\/p>\n<p><a href=\"https:\/\/www.nomos-shop.de\/en\/series\/series\/view\/id\/B001531500\/\" target=\"_blank\" rel=\"noopener\">Learn more<\/a><\/p>\n\n                    <\/div>\n                <\/div>\n            <\/article>\n                    <article>\n                <div class=\"content-faq-item\">\n                    <h2 class=\"headline-5 js-accordion-headline\">\n                        Nieders\u00e4chsisches W\u00f6rterbuch\n                    <\/h2>\n\n                    <div class=\"text wysiwyg\">\n                        <p>Das <em>Nieders\u00e4chsische W\u00f6rterbuch<\/em> ist ein W\u00f6rterbuch der niederdeutschen Dialekte Nordwestdeutschlands. Es erfasst den Wortschatz der in den Bundesl\u00e4ndern Niedersachsen und Bremen gelegenen Dialektverb\u00e4nde und stellt ihn in einem alphabetisch geordneten Bedeutungsw\u00f6rterbuch dar. Abbildungen veranschaulichen fremd gewordene Ger\u00e4tschaften, Karten veranschaulichen die Sprachgeographie. Das W\u00f6rterbuch wird herausgegeben von der <em>Arbeitsstelle Nieders\u00e4chsisches W\u00f6rterbuch<\/em> am Seminar f\u00fcr deutsche Philologie an der Georg-August-Universit\u00e4t G\u00f6ttingen und erscheint seit 2024 im Georg Olms Verlag.<\/p>\n<p><a href=\"https:\/\/www.nomos-shop.de\/en\/series\/series\/view\/id\/B001530900\/\" target=\"_blank\" rel=\"noopener\">Learn more<\/a><\/p>\n\n                    <\/div>\n                <\/div>\n            <\/article>\n                    <article>\n                <div class=\"content-faq-item\">\n                    <h2 class=\"headline-5 js-accordion-headline\">\n                        PASSAGEN \/ PASSAGES \/ PASAJES \n                    <\/h2>\n\n                    <div class=\"text wysiwyg\">\n                        <p><em>Transdisziplin\u00e4re Kulturperspektiven \u2013 Transdisciplinary Cultural Perspectives \u2013 Perspectives Culturelles Transdisciplinaires<\/em><\/p>\n<p>Starting from a transdisciplinary perspective, the series <em>Passages \u2013 Transdisciplinary Cultural Perspectives<\/em> is devoted to various topics from the fields of literature, theatre, film, anthropology, media and gender, with special reference to English- and French-speaking cultural spheres. In it are published works with an approach based on cultural theory and taken from cultural and literature studies\/literary theory, theatre studies as well as outstanding dissertation\/post-doctoral projects. <em>Passages<\/em> focuses on studying cultural and scientific processes at interfaces, places in which new scientific paradigma and a variety of cultural worlds arise. The moment of crossing, passing through and oscillating is determined by an epistemological attitude of reorganizing life, science and the world. Thus, on the one hand,<em> Passages<\/em> includes the transcending of the traditional disciplines and the networking of different sciences and fields of knowledge; on the other hand, it includes the passing through of cultural networks and problems which oscillate between cultural localization and the transcending of cultural boundaries. <em>Passages<\/em> is devoted to hybridization processes of various types, as they are for example to be found in French- and English-speaking cultures, the Caribbean, the Maghreb or the Latino culture in the USA. Especially here, the pressing questions of our time can be treated on the basis of numerous works by intellectuals, artists, thinkers and film-makers which are unequalled in the international cultural universe.<\/p>\n<p>La nouvelle collection <em>Passages \u2013 Perspectives culturelles transdisciplinaires<\/em> se concentre \u2013 \u00e0 partir d&#8217;un point de vue th\u00e9orique transdisciplinaire \u2013 sur l\u2019analyse de divers th\u00e8mes dans les domaines de la litt\u00e9rature, du th\u00e9\u00e2tre, de l&#8217;anthropologie, des m\u00e9dias et des gender studies, en se r\u00e9f\u00e9rant essentiellement aux cultures anglophone et francophone. Des travaux monographiques sp\u00e9cialis\u00e9s ainsi que des th\u00e8ses de doctorat et des projets (par ex. \u201cPostdoc\u201d) de grande qualit\u00e9, s&#8217;orientant en particulier vers la th\u00e9orie culturelle, seront publi\u00e9s dans cette collection. <em>Passages<\/em> met au centre des points d\u2019intersection, ces lieux o\u00f9 se forment des nouveaux paradigmes scientifiques et une diversit\u00e9 des mondes culturels, l\u2019analyse des processus culturels et scientifiques. Le moment du passage, de la travers\u00e9e et de l&#8217;oscillation est d\u00e9termin\u00e9 par une nouvelle conscience \u00e9pist\u00e9mologique organisatrice du monde, de la vie et des sciences. <em>Passages<\/em> implique, d\u2019une part, la transgression consciente des disciplines traditionnelles et l\u2019interrelation des domaines diff\u00e9rents du savoir et des sciences ; d\u2019autre part, le parcours des entrelacements des r\u00e9seaux culturels et des probl\u00e8mes scientifiques qui oscillent entre localisation et d\u00e9-localisation culturelles. <em>Passages<\/em> se consacre aux diff\u00e9rents processus d&#8217;hybridation provenant notamment des cultures francophones et anglophones, des Antilles, du Maghreb ou de la culture Latino aux \u00c9tats-Unis. En partant des divers travaux des intellectuels, des artistes, des philosophes, des r\u00e9alisateurs de film qui sont uniques dans le paysage culturel international, il est possible d\u2019analyser les probl\u00e8mes pressants de l&#8217;actualit\u00e9.<\/p>\n<p><a href=\"https:\/\/www.nomos-shop.de\/en\/series\/series\/view\/id\/B001507700\" target=\"_blank\" rel=\"noopener\">Learn more<\/a><\/p>\n\n                    <\/div>\n                <\/div>\n            <\/article>\n                    <article>\n                <div class=\"content-faq-item\">\n                    <h2 class=\"headline-5 js-accordion-headline\">\n                        Paul Heyse \u2013 Werke\n                    <\/h2>\n\n                    <div class=\"text wysiwyg\">\n                        <p>Der deutsche Schriftsteller, Dramatiker und \u00dcbersetzer Paul Heyse (1830\u20131914) wurde als erster deutscher Autor belletristischer Werke 1910 mit dem Nobelpreis f\u00fcr Literatur ausgezeichnet. Diese bislang gr\u00f6\u00dfte Ausgabe seiner Werke l\u00e4dt zur Wiederentdeckung mit dem zu Unrecht Vergessenen ein. Mit Ausnahme der ungedruckten Dramen und Tageb\u00fccher enth\u00e4lt sie in f\u00fcnf Reihen mit insgesamt 30 B\u00e4nden alle auffindbaren Romane, Novellen, Dramen, Gedichte, \u00dcbersetzungen und Essays von Heyse, die zudem durch umfangreiche Register erschlossen werden.<\/p>\n\n                    <\/div>\n                <\/div>\n            <\/article>\n                    <article>\n                <div class=\"content-faq-item\">\n                    <h2 class=\"headline-5 js-accordion-headline\">\n                        Studien zur Sprachwissenschaft \n                    <\/h2>\n\n                    <div class=\"text wysiwyg\">\n                        <p>Die thematisch offene Reihe\u00a0<em>Studien zur Sprachwissenschaft<\/em>\u00a0versammelt wissenschaftliche Qualifikationsarbeiten, Monographien und Sammelb\u00e4nde aus allen Teildisziplinen dieses Fachgebiets und widmet sich insbesondere Forschungsfeldern au\u00dferhalb der germanistischen Linguistik. Entsprechend sind fremdsprachige Publikationen m\u00f6glich und erw\u00fcnscht.<\/p>\n<p><a href=\"https:\/\/www.nomos-shop.de\/en\/series\/series\/view\/id\/B001509800\" target=\"_blank\" rel=\"noopener\">Learn more<\/a><\/p>\n\n                    <\/div>\n                <\/div>\n            <\/article>\n                    <article>\n                <div class=\"content-faq-item\">\n                    <h2 class=\"headline-5 js-accordion-headline\">\n                        Thema Deutsch\n                    <\/h2>\n\n                    <div class=\"text wysiwyg\">\n                        <p>Die in Zusammenarbeit mit der <em>Gesellschaft f\u00fcr deutsche Sprache e.V. <\/em>(Wiesbaden) herausgegebene Buchreihe erscheint ab Band 13 im Georg Olms Verlag. Allj\u00e4hrlich k\u00fcrt die GfdS unter gro\u00dfem Medieninteresse das \u201eWort des Jahres\u201c und benennt bis zu zehn weitere W\u00f6rter, die das jeweilige Jahr in besonderer Weise gepr\u00e4gt haben. Entsprechend widmete sich einer der beiden bisher erschienenen Titel der Reihe <em>Thema Deutsch<\/em> genau diesem Ph\u00e4nomen und erm\u00f6glichte so einen Streifzug durch 40 Jahre deutscher Zeitgeschichte. Weitere B\u00e4nde zu vergleichbaren aktuellen Themen sind in Vorbereitung.<\/p>\n<p><a href=\"https:\/\/www.nomos-shop.de\/en\/series\/series\/view\/id\/B001510300\" target=\"_blank\" rel=\"noopener\">Learn more<\/a><\/p>\n\n                    <\/div>\n                <\/div>\n            <\/article>\n                    <article>\n                <div class=\"content-faq-item\">\n                    <h2 class=\"headline-5 js-accordion-headline\">\n                        Theorie und Kritik der Kultur und Literatur (TKKL) \/ Teor\u00eda y cr\u00edtica de la cultura y literatura (TCCL) \/ Teoria e Cr\u00edtica da Cultura e da Literatura (TCCL) \/ Theory and Critique of Culture and Literature (TCCL) \n                    <\/h2>\n\n                    <div class=\"text wysiwyg\">\n                        <p><em><span class=\"cf0\">Untersuchungen zu den kulturellen Zeichen (Semiotik \u2013 Epistemologie \u2013 Interpretation)\u00a0<\/span><\/em><!--EndFragment --><\/p>\n<p>The <em>TCCL<\/em> publishes books about Latin American and Spain as well as about Brazilian and Portuguese Culture and Literature of different centuries and countries. The main focus lies in the investigation of Borges, Postmodernity, Postcoloniality, Hybridity, Gender, on the relationship between Literature and Historiography, Sciences and Media, on the Interpretation of the Chronicles of the Conquest, on Colonization and Travels, on Narratology and Theory. Other important fields are border culture, rethinking the Americas, Transmediality, Body and Sexuality, Chicano-Culture, Frida Kahlo, Brazilian concepts of Identity and Nation, Caribbean Literature and Culture as well Spanish discourses of the 18. Century. The <em>TCCL<\/em> promotes especially works with a historical and theoretical orientation.<\/p>\n<p>En la colecci\u00f3n <em>TCCL<\/em> se publican trabajos sobre cultura y literatura latinoamericana, espa\u00f1ola, portuguesa y brasile\u00f1a de diversas \u00e9pocas y pa\u00edses, pero con especial atenci\u00f3n a los siglo XX y XXI. Focos especiales de la colecci\u00f3n son investigaciones sobre Borges, postmodernidad, postcolonialidad, hibridez, g\u00e9nero, sobre la relaci\u00f3n literatura e historiograf\u00eda, ciencia y medios de comunicaci\u00f3n, sobre las cr\u00f3nicas de la conquista, de la colonizaci\u00f3n y de viajes, sobre narratolog\u00eda teor\u00eda. Otros campos son la border culture (Rethinking the Americas), transmedialidad, sexualidad y cuerpo, cultura y literatura chicana, sobre Frida Kahlo y conceptos de identidad y naci\u00f3n en Brasil, sobre le Caribe y discursos en el siglo XVIII. La colecci\u00f3n profesa un particular inter\u00e9s por trabajos de orientaci\u00f3n hist\u00f3rica, cultural y te\u00f3rica.<\/p>\n<p>La collection <em>TCCL<\/em> publie des travaux sur la culture et la litt\u00e9rature latino-am\u00e9ricaine, espagnole, br\u00e9silienne et portugaise de diff\u00e9rents si\u00e8cles, mais mis l\u2019accent sur le XX\u00e8me et le XXI\u00e8me si\u00e8cle. Les th\u00e8mes principaux abord\u00e9s dans la collection <em>TCCL<\/em> se concentrent sur les recherches sur Borges, la postmodernit\u00e9, le postcolonialisme, l\u2019hybridit\u00e9, Gender, le rapport entre la litt\u00e9rature et l\u2019\u00e9criture de l\u2019histoire, la litt\u00e9rature et les sciences, la litt\u00e9rature et les m\u00e9dias, l\u2019interpr\u00e9tation des chroniques, la narrativit\u00e9 et la th\u00e9orisation ainsi que la border culture et le rethinking the Americas, la transm\u00e9dialit\u00e9, la sexualit\u00e9 et le corps, la culture-chicano, l\u2019Espagne au XVIII\u00e8me si\u00e8cle, Frida Kahlo, les concepts br\u00e9siliens d\u2019identit\u00e9 et de nation, les r\u00e9cits portugais de voyage de d\u00e9couvertes, les Cara\u00efbes francophone, anglophone et hispanophone. La collection s\u2019est surtout fix\u00e9 comme objectif des travaux se consacrant \u00e0 l\u2019histoire, aux sciences de la culture et \u00e0 la th\u00e9orie.<\/p>\n<p><a href=\"https:\/\/www.nomos-shop.de\/en\/series\/series\/view\/id\/B001510500\" target=\"_blank\" rel=\"noopener\">Learn more<\/a><\/p>\n\n                    <\/div>\n                <\/div>\n            <\/article>\n                    <article>\n                <div class=\"content-faq-item\">\n                    <h2 class=\"headline-5 js-accordion-headline\">\n                        Theorie und Praxis des Theaters. Performance und Visuelle K\u00fcnste (TPTPVK) \/ Teor\u00eda y Pr\u00e1ctica del Teatro. Performance y Artes Visuales (TPTPAV) \/ Teoria e Pr\u00e1tica do Teatro. Performance e Artes Visuais (TPTPAV) \/ Theory and Practice of Theatre. Performance and Visual Arts (TPTPVA) \n                    <\/h2>\n\n                    <div class=\"text wysiwyg\">\n                        <p><span dir=\"ltr\" role=\"presentation\">Theory and Practice of Theatre. Performance and Visual Arts (TPTPVA)<\/span><\/p>\n<p><span dir=\"ltr\" role=\"presentation\">Hispanophone and Lusophone Studies<\/span><\/p>\n<p><span dir=\"ltr\" role=\"presentation\">Teor\u00eda y Pr\u00e1ctica del Teatro. Performance y Artes Visuales (TPTPAV)<\/span><\/p>\n<p><span dir=\"ltr\" role=\"presentation\">Estudios Hispan\u00f3fonos y Lus\u00f3fonos<\/span><\/p>\n<p><span dir=\"ltr\" role=\"presentation\">Teoria e Pr\u00e1tica do Teatro. Performance e Artes Visuais (TPTPAV)<\/span><\/p>\n<p><span dir=\"ltr\" role=\"presentation\">Estudos Hispanofonos y Lusofonos<\/span><\/p>\n<p><strong>Editors \/ \u00e9diteurs<\/strong>\u00a0<strong>\/ <\/strong><strong>editores*as<\/strong><\/p>\n<p data-renderer-start-pos=\"164\"><a href=\"https:\/\/www.uni-muenster.de\/Romanistik\/Organisation\/Lehrende\/Bauer-Funke\/\">Cerstin Bauer-Funke<\/a><em data-renderer-mark=\"true\"> (University M\u00fcnster)\u00a0 <\/em>(Managing Director\/Director General)<\/p>\n<p data-renderer-start-pos=\"263\"><a href=\"https:\/\/home.uni-leipzig.de\/detoro\/\">Alfonso de Toro<\/a><em data-renderer-mark=\"true\"> (University Leipzig) (<\/em>Managing Director\/Director General)<\/p>\n<p data-renderer-start-pos=\"263\"><a href=\"https:\/\/faculty.bentley.edu\/profile\/aguzman\">Alison Guzm\u00e1n<\/a> <em>(Bentley University, MA)<\/em><\/p>\n<p data-renderer-start-pos=\"356\"><a href=\"https:\/\/uchile.cl\/portafolio-academico\/portafolio-academico\/academico\/33507\">Mauricio Barr\u00eda<\/a> <em>(Universidad de Chile)<\/em><\/p>\n<p data-renderer-start-pos=\"480\"><a href=\"https:\/\/www.uniroma3.it\/persone\/cG1uNnUrVnVUQnJJWXdTdUdVQTlLRFB0Wi9qTXNONXVmdldUb0NyNW5hOD0=\/\">Simone Trecca<\/a> (<span class=\"ui-provider a b c d e f g h i j k l m n o p q r s t u v w x y z ab ac ae af ag ah ai aj ak\" dir=\"ltr\">Universit\u00e0 degli Studi Roma Tre)<\/span><\/p>\n<p data-renderer-start-pos=\"480\"><span class=\"ui-provider a b c d e f g h i j k l m n o p q r s t u v w x y z ab ac ae af ag ah ai aj ak\" dir=\"ltr\"><a href=\"https:\/\/addran.tcu.edu\/spanish-hispanic-studies\/faculty-office-hours.php\">Lourdes Bueno<\/a> (AddRan College of Liberal Arts)<\/span><\/p>\n<p data-pm-slice=\"1 1 []\"><strong>Publishing board\/Consejo de publicaci\u00f3n\/Conseil de publication<\/strong><\/p>\n<p data-pm-slice=\"1 1 []\"><a href=\"https:\/\/www.lakeforest.edu\/academics\/faculty\/mloyola\">Maril\u00e9n Loyola<\/a> (Lake Forest College, IL)<\/p>\n<p data-pm-slice=\"1 1 []\"><a href=\"https:\/\/www.fileli.unipi.it\/dipartimento\/persone\/?p=enrico-dipastena\">Enrico Di Pastena<\/a> (Universit\u00e0 di Pisa)<\/p>\n<p data-pm-slice=\"1 1 []\"><a href=\"https:\/\/www.holycross.edu\/academics\/programs\/spanish\/faculty\/helen-freear-papio\">Helen Freear-Papio<\/a> (College of the Holy Cross, MA)<\/p>\n<p data-renderer-start-pos=\"480\"><span dir=\"ltr\" role=\"presentation\">The international, <em>peer-reviewed<\/em><\/span> <em><span dir=\"ltr\" role=\"presentation\">Theory and Practice of Theatre. Performance and Visual Arts.<\/span><\/em><br role=\"presentation\" \/><em><span dir=\"ltr\" role=\"presentation\">Hispanophone and Lusophone Studies<\/span><\/em> <span dir=\"ltr\" role=\"presentation\">(<\/span><span dir=\"ltr\" role=\"presentation\">TPTPVA<\/span><span dir=\"ltr\" role=\"presentation\">)<\/span> <span dir=\"ltr\" role=\"presentation\">series has been successfully published in<\/span><br role=\"presentation\" \/><span dir=\"ltr\" role=\"presentation\">several languages (English, French, German, Italian, Spanish, Portuguese, and French) since<\/span><br role=\"presentation\" \/><span dir=\"ltr\" role=\"presentation\">1990. With its transdisciplinary, transcultural, and transmedial approach in the field of Latin<\/span><br role=\"presentation\" \/><span dir=\"ltr\" role=\"presentation\">American, Spanish, Portuguese, and Brazilian Studies,<\/span> <span dir=\"ltr\" role=\"presentation\">TPTPVA<\/span> <span dir=\"ltr\" role=\"presentation\">publishes monographs and<\/span><br role=\"presentation\" \/><span dir=\"ltr\" role=\"presentation\">anthologies in the main areas of the discipline aimed at both an academic and a culturally<\/span><br role=\"presentation\" \/><span dir=\"ltr\" role=\"presentation\">interested readership. In addition, the series traditionally promotes young academics on the<\/span><br role=\"presentation\" \/><span dir=\"ltr\" role=\"presentation\">basis of outstanding and innovative doctoral and post-doctoral theses.<\/span><\/p>\n<p data-renderer-start-pos=\"480\"><span dir=\"ltr\" role=\"presentation\">The focus is on questions of theory formation as well as historical and current issues, with a<\/span><br role=\"presentation\" \/><span dir=\"ltr\" role=\"presentation\">particular focus on the 20th and 21st centuries, including topics such as the body, sexuality,<\/span><br role=\"presentation\" \/><span dir=\"ltr\" role=\"presentation\">objects, staging, society, historicisation, postmodern and postcolonial theatre (Cuti movement),<\/span><br role=\"presentation\" \/><span dir=\"ltr\" role=\"presentation\">performance, transmediality, hybridisation, gender, queer culture, chicano culture,<\/span> <span dir=\"ltr\" role=\"presentation\">teatro de la<\/span><br role=\"presentation\" \/><span dir=\"ltr\" role=\"presentation\">memoria<\/span><span dir=\"ltr\" role=\"presentation\">, cybor and installation art. The connection to the public-political-social space in<\/span><br role=\"presentation\" \/><span dir=\"ltr\" role=\"presentation\">interaction with science, philosophy, cultural studies and media in general is also important.<\/span><\/p>\n<p data-renderer-start-pos=\"480\"><span dir=\"ltr\" role=\"presentation\">The<\/span> <em><span dir=\"ltr\" role=\"presentation\">TPTPVA<\/span><\/em> <span dir=\"ltr\" role=\"presentation\">series is supported by a team of internationally renowned scholars, reflecting the<\/span><br role=\"presentation\" \/><span dir=\"ltr\" role=\"presentation\">scope of the discipline as well as the variety of theories and topics, while ensuring the high<\/span><br role=\"presentation\" \/><span dir=\"ltr\" role=\"presentation\">quality standards of the series.<\/span><\/p>\n<p data-renderer-start-pos=\"480\"><a href=\"https:\/\/www.nomos-shop.de\/en\/nocache\/search\/ext\/product\/list\/?tx_girashop_f205_1%5BproductLine%5D=1331&amp;cHash=2b4672153ab30c915d7c5ef632fd6035\">Learn more<\/a><\/p>\n<p data-renderer-start-pos=\"480\"><span dir=\"ltr\" role=\"presentation\">La colecci\u00f3n international<\/span> <em><span dir=\"ltr\" role=\"presentation\">peer reviewed<\/span><\/em><span dir=\"ltr\" role=\"presentation\">,<\/span> <em><span dir=\"ltr\" role=\"presentation\">Teor\u00eda y Pr\u00e1ctica del Teatro. Performance y Artes<\/span><\/em><br role=\"presentation\" \/><em><span dir=\"ltr\" role=\"presentation\">Visuales. Estudios Hispan\u00f3fonos y Lus\u00f3fonos<\/span><\/em> <span dir=\"ltr\" role=\"presentation\">(<\/span><span dir=\"ltr\" role=\"presentation\">TPTPAV<\/span><span dir=\"ltr\" role=\"presentation\">) publicada exitosamente desde 1990<\/span><br role=\"presentation\" \/><span dir=\"ltr\" role=\"presentation\">en diversas lenguas (espa\u00f1ol, alem\u00e1n, ingl\u00e9s, franc\u00e9s, italiano y portugu\u00e9s), tiene un enfoque<\/span><br role=\"presentation\" \/><span dir=\"ltr\" role=\"presentation\">transdisciplinario, transcultural y transmedial. Con sus monograf\u00edas y antolog\u00edas sobre un<\/span><br role=\"presentation\" \/><span dir=\"ltr\" role=\"presentation\">amplio abanico de temas en el campo del teatro y el espect\u00e1culo latinoamericanos, espa\u00f1oles,<\/span><br role=\"presentation\" \/><span dir=\"ltr\" role=\"presentation\">portugueses y brasile\u00f1os, as\u00ed como de los estudios sobre artes visuales, se dirige tanto a un<\/span><br role=\"presentation\" \/><span dir=\"ltr\" role=\"presentation\">p\u00fablico acad\u00e9mico como a un p\u00fablico interesado por la cultura. Adem\u00e1s, la serie promueve<\/span><br role=\"presentation\" \/><span dir=\"ltr\" role=\"presentation\">tradicionalmente<\/span> <span dir=\"ltr\" role=\"presentation\">a<\/span> <span dir=\"ltr\" role=\"presentation\">j\u00f3venes<\/span> <span dir=\"ltr\" role=\"presentation\">acad\u00e9micos<\/span> <span dir=\"ltr\" role=\"presentation\">mediante<\/span> <span dir=\"ltr\" role=\"presentation\">la<\/span> <span dir=\"ltr\" role=\"presentation\">publicaci\u00f3n<\/span> <span dir=\"ltr\" role=\"presentation\">de<\/span> <span dir=\"ltr\" role=\"presentation\">tesis<\/span> <span dir=\"ltr\" role=\"presentation\">doctorales<\/span> <span dir=\"ltr\" role=\"presentation\">y<\/span><br role=\"presentation\" \/><span dir=\"ltr\" role=\"presentation\">posdoctorales destacadas e innovadoras.<\/span><\/p>\n<p><span dir=\"ltr\" role=\"presentation\">La atenci\u00f3n se centra en cuestiones de formaci\u00f3n te\u00f3rica, as\u00ed como en temas hist\u00f3ricos y<\/span><br role=\"presentation\" \/><span dir=\"ltr\" role=\"presentation\">actuales, con especial \u00e9nfasis en los siglos XX y XXI, incluyendo temas como el cuerpo,<\/span><br role=\"presentation\" \/><span dir=\"ltr\" role=\"presentation\">sexualidad, objetos, instalaciones, mu\u00f1ecos, formas de escenograf\u00edas, sociedad, historia, teatro<\/span><br role=\"presentation\" \/><span dir=\"ltr\" role=\"presentation\">posmoderno y poscolonial, teatro de minor\u00edas, performance, formas de transmedialidad,<\/span><br role=\"presentation\" \/><span dir=\"ltr\" role=\"presentation\">hibridaci\u00f3n, g\u00e9nero, cultura queer, cultura chicana\/hispanics, teatro de la memoria, cybor.<\/span><br role=\"presentation\" \/><span dir=\"ltr\" role=\"presentation\">Tambi\u00e9n es importante la conexi\u00f3n con el espacio p\u00fablico-pol\u00edtico-social en interacci\u00f3n con la<\/span><br role=\"presentation\" \/><span dir=\"ltr\" role=\"presentation\">ciencia, la filosof\u00eda, los estudios culturales y los medios de comunicaci\u00f3n y artes en general.<\/span><\/p>\n<p><span dir=\"ltr\" role=\"presentation\">La serie<\/span> <em><span dir=\"ltr\" role=\"presentation\">TPTPAV<\/span><\/em> <span dir=\"ltr\" role=\"presentation\">cuenta con el apoyo de un equipo internacionalmente reconocido de<\/span><br role=\"presentation\" \/><span dir=\"ltr\" role=\"presentation\">acad\u00e9micos que reflejan la amplitud del tema, as\u00ed como la gama de teor\u00edas y temas, y al mismo<\/span><br role=\"presentation\" \/><span dir=\"ltr\" role=\"presentation\">tiempo garantizan los altos est\u00e1ndares de calidad de la serie.<\/span><\/p>\n<p><a href=\"https:\/\/www.nomos-shop.de\/en\/nocache\/search\/ext\/product\/list\/?tx_girashop_f205_1%5BproductLine%5D=1331&amp;cHash=2b4672153ab30c915d7c5ef632fd6035\">Saber m\u00e1s<\/a><\/p>\n<p><span dir=\"ltr\" role=\"presentation\">A cole\u00e7\u00e3o internacional revista por pares,<\/span> <em><span dir=\"ltr\" role=\"presentation\">Teoria e Pr\u00e1tica do Teatro. Performance e Artes<\/span><\/em><br role=\"presentation\" \/><em><span dir=\"ltr\" role=\"presentation\">Visuais. Estudios Hispan\u00f3fonos y Lus\u00f3fonos<\/span><\/em> <span dir=\"ltr\" role=\"presentation\">(<\/span><span dir=\"ltr\" role=\"presentation\">TPTPAV<\/span><span dir=\"ltr\" role=\"presentation\">), publicada com sucesso desde 1990 em<\/span><br role=\"presentation\" \/><span dir=\"ltr\" role=\"presentation\">v\u00e1rias l\u00ednguas (espanhol, alem\u00e3o, ingl\u00eas, franc\u00eas, italiano e portugu\u00eas), tem uma abordagem<\/span><br role=\"presentation\" \/><span dir=\"ltr\" role=\"presentation\">transdisciplinar, transcultural e transmedial. Com as suas monografias e antologias sobre uma<\/span><br role=\"presentation\" \/><span dir=\"ltr\" role=\"presentation\">vasta gama de temas nos dom\u00ednios do teatro e da performance latino-americanos, espanh\u00f3is,<\/span><br role=\"presentation\" \/><span dir=\"ltr\" role=\"presentation\">portugueses e brasileiros, bem como dos estudos de artes visuais, dirige-se tanto a um p\u00fablico<\/span><br role=\"presentation\" \/><span dir=\"ltr\" role=\"presentation\">acad\u00e9mico como a um p\u00fablico culturalmente interessado. Al\u00e9m disso, a s\u00e9rie promove<\/span><br role=\"presentation\" \/><span dir=\"ltr\" role=\"presentation\">tradicionalmente os jovens acad\u00e9micos atrav\u00e9s da publica\u00e7\u00e3o de teses de doutoramento e p\u00f3s-<\/span><br role=\"presentation\" \/><span dir=\"ltr\" role=\"presentation\">doutoramento excepcionais e inovadoras.<\/span><\/p>\n<p><span dir=\"ltr\" role=\"presentation\">A aten\u00e7\u00e3o centra-se em quest\u00f5es de forma\u00e7\u00e3o te\u00f3rica, bem como em quest\u00f5es hist\u00f3ricas e<\/span><br role=\"presentation\" \/><span dir=\"ltr\" role=\"presentation\">actuais, com especial \u00eanfase nos s\u00e9culos XX e XXI, incluindo temas como o corpo, a<\/span><br role=\"presentation\" \/><span dir=\"ltr\" role=\"presentation\">sexualidade, os objectos, as instala\u00e7\u00f5es, as marionetas, as formas c\u00e9nicas, a sociedade, a<\/span><br role=\"presentation\" \/><span dir=\"ltr\" role=\"presentation\">hist\u00f3ria, o teatro p\u00f3s-moderno e p\u00f3s-colonial, o teatro das minorias, a performance, as formas<\/span><br role=\"presentation\" \/><span dir=\"ltr\" role=\"presentation\">de transmedialidade, o hibridismo, o g\u00e9nero, a cultura queer, a cultura chicana\/hisp\u00e2nica, o<\/span><br role=\"presentation\" \/><span dir=\"ltr\" role=\"presentation\">teatro da mem\u00f3ria, o cybor. \u00c9 igualmente importante a liga\u00e7\u00e3o com o espa\u00e7o p\u00fablico-pol\u00edtico-<\/span><br role=\"presentation\" \/><span dir=\"ltr\" role=\"presentation\">social em intera\u00e7\u00e3o com a ci\u00eancia, a filosofia, os estudos culturais e os meios de comunica\u00e7\u00e3o<\/span><br role=\"presentation\" \/><span dir=\"ltr\" role=\"presentation\">social e as artes em geral.<\/span><\/p>\n<p><span dir=\"ltr\" role=\"presentation\">La collana<\/span> <em><span dir=\"ltr\" role=\"presentation\">TPTPAV<\/span><\/em> <span dir=\"ltr\" role=\"presentation\">si avvale di un team di studiosi riconosciuto a livello internazionale che<\/span><br role=\"presentation\" \/><span dir=\"ltr\" role=\"presentation\">riflette l\u2019ampiezza della disciplina e la gamma di teorie e argomenti, garantendo al contempo gli elevati standard qualitativi della collana.<\/span><\/p>\n<p><a href=\"https:\/\/www.nomos-shop.de\/en\/nocache\/search\/ext\/product\/list\/?tx_girashop_f205_1%5BproductLine%5D=1331&amp;cHash=2b4672153ab30c915d7c5ef632fd6035\">Saber mais<\/a><\/p>\n\n                    <\/div>\n                <\/div>\n            <\/article>\n            <\/div>\n<\/section>\n\n\n<section class=\"content-link-card \">\n    <div class=\"inner link-right-border card-border-hover grey-active\">\n                    <h4>With you from start to finish <\/h4>\n        \n        <div class=\"border-hover\"><\/div>\n        <div class=\"text-item\">\n                            <div class=\"link\">\n                    <a href=\"\/en\/academic-publishing\"\n                       target=\"_blank\" rel=\"noopener\"\n                       class=\"link-blue-square\">\n                        Publish today \n                    <\/a>\n                <\/div>\n                    <\/div>\n    <\/div>\n<\/section>\n","protected":false},"excerpt":{"rendered":"","protected":false},"author":18,"featured_media":517,"parent":0,"menu_order":0,"comment_status":"closed","ping_status":"closed","template":"","meta":{"_acf_changed":false,"footnotes":""},"class_list":["post-221","page","type-page","status-publish","has-post-thumbnail","hentry"],"acf":[],"yoast_head":"<!-- This site is optimized with the Yoast SEO Premium plugin v26.1 (Yoast SEO v26.2) - https:\/\/yoast.com\/wordpress\/plugins\/seo\/ -->\n<title>Linguistics and Literary Studies | Georg Olms Verlag<\/title>\n<meta name=\"description\" content=\"Welcome to the Linguistics and Literary Studies programme, home to acclaimed book series and the research project on Jeremias Gotthelf.\" \/>\n<meta name=\"robots\" content=\"index, follow, max-snippet:-1, max-image-preview:large, max-video-preview:-1\" \/>\n<link rel=\"canonical\" href=\"https:\/\/www.olms.de\/en\/linguistics\/\" \/>\n<meta property=\"og:locale\" content=\"en_US\" \/>\n<meta property=\"og:type\" content=\"article\" \/>\n<meta property=\"og:title\" content=\"Linguistics and Literary Studies\" \/>\n<meta property=\"og:description\" content=\"Welcome to the Linguistics and Literary Studies programme, home to acclaimed book series and the research project on Jeremias Gotthelf.\" \/>\n<meta property=\"og:url\" content=\"https:\/\/www.olms.de\/en\/linguistics\/\" \/>\n<meta property=\"og:site_name\" content=\"Olms Verlag\" \/>\n<meta property=\"article:modified_time\" content=\"2026-03-02T15:53:06+00:00\" \/>\n<meta property=\"og:image\" content=\"https:\/\/www.olms.de\/wp-content\/uploads\/sites\/7\/2023\/06\/Altes-Buch.jpg\" \/>\n\t<meta property=\"og:image:width\" content=\"1280\" \/>\n\t<meta property=\"og:image:height\" content=\"850\" \/>\n\t<meta property=\"og:image:type\" content=\"image\/jpeg\" \/>\n<meta name=\"twitter:card\" content=\"summary_large_image\" \/>\n<meta name=\"twitter:image\" content=\"https:\/\/www.olms.de\/wp-content\/uploads\/sites\/7\/2023\/06\/Altes-Buch.jpg\" \/>\n<meta name=\"twitter:label1\" content=\"Est. reading time\" \/>\n\t<meta name=\"twitter:data1\" content=\"19 minutes\" \/>\n<script type=\"application\/ld+json\" class=\"yoast-schema-graph\">{\"@context\":\"https:\/\/schema.org\",\"@graph\":[{\"@type\":\"WebPage\",\"@id\":\"https:\/\/www.olms.de\/en\/linguistics\/\",\"url\":\"https:\/\/www.olms.de\/en\/linguistics\/\",\"name\":\"Linguistics and Literary Studies | Georg Olms Verlag\",\"isPartOf\":{\"@id\":\"https:\/\/www.olms.de\/en\/#website\"},\"primaryImageOfPage\":{\"@id\":\"https:\/\/www.olms.de\/en\/linguistics\/#primaryimage\"},\"image\":{\"@id\":\"https:\/\/www.olms.de\/en\/linguistics\/#primaryimage\"},\"thumbnailUrl\":\"https:\/\/www.olms.de\/wp-content\/uploads\/sites\/7\/2023\/06\/Altes-Buch.jpg\",\"datePublished\":\"2023-07-13T07:05:03+00:00\",\"dateModified\":\"2026-03-02T15:53:06+00:00\",\"description\":\"Welcome to the Linguistics and Literary Studies programme, home to acclaimed book series and the research project on Jeremias Gotthelf.\",\"breadcrumb\":{\"@id\":\"https:\/\/www.olms.de\/en\/linguistics\/#breadcrumb\"},\"inLanguage\":\"en-US\",\"potentialAction\":[{\"@type\":\"ReadAction\",\"target\":[\"https:\/\/www.olms.de\/en\/linguistics\/\"]}]},{\"@type\":\"ImageObject\",\"inLanguage\":\"en-US\",\"@id\":\"https:\/\/www.olms.de\/en\/linguistics\/#primaryimage\",\"url\":\"https:\/\/www.olms.de\/wp-content\/uploads\/sites\/7\/2023\/06\/Altes-Buch.jpg\",\"contentUrl\":\"https:\/\/www.olms.de\/wp-content\/uploads\/sites\/7\/2023\/06\/Altes-Buch.jpg\",\"width\":1280,\"height\":850,\"caption\":\"Editionen\"},{\"@type\":\"BreadcrumbList\",\"@id\":\"https:\/\/www.olms.de\/en\/linguistics\/#breadcrumb\",\"itemListElement\":[{\"@type\":\"ListItem\",\"position\":1,\"name\":\"Homepage\",\"item\":\"https:\/\/www.olms.de\/en\/\"},{\"@type\":\"ListItem\",\"position\":2,\"name\":\"Linguistics and Literary Studies\"}]},{\"@type\":\"WebSite\",\"@id\":\"https:\/\/www.olms.de\/en\/#website\",\"url\":\"https:\/\/www.olms.de\/en\/\",\"name\":\"Olms Verlag\",\"description\":\"\",\"potentialAction\":[{\"@type\":\"SearchAction\",\"target\":{\"@type\":\"EntryPoint\",\"urlTemplate\":\"https:\/\/www.olms.de\/en\/?s={search_term_string}\"},\"query-input\":{\"@type\":\"PropertyValueSpecification\",\"valueRequired\":true,\"valueName\":\"search_term_string\"}}],\"inLanguage\":\"en-US\"}]}<\/script>\n<!-- \/ Yoast SEO Premium plugin. -->","yoast_head_json":{"title":"Linguistics and Literary Studies | Georg Olms Verlag","description":"Welcome to the Linguistics and Literary Studies programme, home to acclaimed book series and the research project on Jeremias Gotthelf.","robots":{"index":"index","follow":"follow","max-snippet":"max-snippet:-1","max-image-preview":"max-image-preview:large","max-video-preview":"max-video-preview:-1"},"canonical":"https:\/\/www.olms.de\/en\/linguistics\/","og_locale":"en_US","og_type":"article","og_title":"Linguistics and Literary Studies","og_description":"Welcome to the Linguistics and Literary Studies programme, home to acclaimed book series and the research project on Jeremias Gotthelf.","og_url":"https:\/\/www.olms.de\/en\/linguistics\/","og_site_name":"Olms Verlag","article_modified_time":"2026-03-02T15:53:06+00:00","og_image":[{"width":1280,"height":850,"url":"https:\/\/www.olms.de\/wp-content\/uploads\/sites\/7\/2023\/06\/Altes-Buch.jpg","type":"image\/jpeg"}],"twitter_card":"summary_large_image","twitter_image":"https:\/\/www.olms.de\/wp-content\/uploads\/sites\/7\/2023\/06\/Altes-Buch.jpg","twitter_misc":{"Est. reading time":"19 minutes"},"schema":{"@context":"https:\/\/schema.org","@graph":[{"@type":"WebPage","@id":"https:\/\/www.olms.de\/en\/linguistics\/","url":"https:\/\/www.olms.de\/en\/linguistics\/","name":"Linguistics and Literary Studies | Georg Olms Verlag","isPartOf":{"@id":"https:\/\/www.olms.de\/en\/#website"},"primaryImageOfPage":{"@id":"https:\/\/www.olms.de\/en\/linguistics\/#primaryimage"},"image":{"@id":"https:\/\/www.olms.de\/en\/linguistics\/#primaryimage"},"thumbnailUrl":"https:\/\/www.olms.de\/wp-content\/uploads\/sites\/7\/2023\/06\/Altes-Buch.jpg","datePublished":"2023-07-13T07:05:03+00:00","dateModified":"2026-03-02T15:53:06+00:00","description":"Welcome to the Linguistics and Literary Studies programme, home to acclaimed book series and the research project on Jeremias Gotthelf.","breadcrumb":{"@id":"https:\/\/www.olms.de\/en\/linguistics\/#breadcrumb"},"inLanguage":"en-US","potentialAction":[{"@type":"ReadAction","target":["https:\/\/www.olms.de\/en\/linguistics\/"]}]},{"@type":"ImageObject","inLanguage":"en-US","@id":"https:\/\/www.olms.de\/en\/linguistics\/#primaryimage","url":"https:\/\/www.olms.de\/wp-content\/uploads\/sites\/7\/2023\/06\/Altes-Buch.jpg","contentUrl":"https:\/\/www.olms.de\/wp-content\/uploads\/sites\/7\/2023\/06\/Altes-Buch.jpg","width":1280,"height":850,"caption":"Editionen"},{"@type":"BreadcrumbList","@id":"https:\/\/www.olms.de\/en\/linguistics\/#breadcrumb","itemListElement":[{"@type":"ListItem","position":1,"name":"Homepage","item":"https:\/\/www.olms.de\/en\/"},{"@type":"ListItem","position":2,"name":"Linguistics and Literary Studies"}]},{"@type":"WebSite","@id":"https:\/\/www.olms.de\/en\/#website","url":"https:\/\/www.olms.de\/en\/","name":"Olms Verlag","description":"","potentialAction":[{"@type":"SearchAction","target":{"@type":"EntryPoint","urlTemplate":"https:\/\/www.olms.de\/en\/?s={search_term_string}"},"query-input":{"@type":"PropertyValueSpecification","valueRequired":true,"valueName":"search_term_string"}}],"inLanguage":"en-US"}]}},"_links":{"self":[{"href":"https:\/\/www.olms.de\/en\/wp-json\/wp\/v2\/pages\/221","targetHints":{"allow":["GET"]}}],"collection":[{"href":"https:\/\/www.olms.de\/en\/wp-json\/wp\/v2\/pages"}],"about":[{"href":"https:\/\/www.olms.de\/en\/wp-json\/wp\/v2\/types\/page"}],"author":[{"embeddable":true,"href":"https:\/\/www.olms.de\/en\/wp-json\/wp\/v2\/users\/18"}],"replies":[{"embeddable":true,"href":"https:\/\/www.olms.de\/en\/wp-json\/wp\/v2\/comments?post=221"}],"version-history":[{"count":124,"href":"https:\/\/www.olms.de\/en\/wp-json\/wp\/v2\/pages\/221\/revisions"}],"predecessor-version":[{"id":4009,"href":"https:\/\/www.olms.de\/en\/wp-json\/wp\/v2\/pages\/221\/revisions\/4009"}],"wp:featuredmedia":[{"embeddable":true,"href":"https:\/\/www.olms.de\/en\/wp-json\/wp\/v2\/media\/517"}],"wp:attachment":[{"href":"https:\/\/www.olms.de\/en\/wp-json\/wp\/v2\/media?parent=221"}],"curies":[{"name":"wp","href":"https:\/\/api.w.org\/{rel}","templated":true}]}}